{"id":3,"date":"2026-07-15T09:33:20","date_gmt":"2026-07-15T07:33:20","guid":{"rendered":"https:\/\/emc-plusz.hu\/?page_id=3"},"modified":"2026-07-22T23:25:00","modified_gmt":"2026-07-22T21:25:00","slug":"adatkezelesi-tajekoztato","status":"publish","type":"page","link":"https:\/\/emc-plusz.hu\/en\/adatkezelesi-tajekoztato\/","title":{"rendered":"Adatkezel\u00e9si t\u00e1j\u00e9koztat\u00f3"},"content":{"rendered":"<h2 class=\"wp-block-heading\">1. Az Adatkezel\u0151 adatai<\/h2>\n\n\n\n<p class=\"wp-block-paragraph\">A www.emc-plusz.hu weboldalt az al\u00e1bbi c\u00e9g \u00fczemelteti \u00e9s kezeli az adatokat:<\/p>\n\n\n\n<ul class=\"wp-block-list\">\n<li><strong>Hivatalos c\u00e9gn\u00e9v:<\/strong> EMC PLUSZ M\u0171szaki, Kereskedelmi Szolg\u00e1ltat\u00f3 Korl\u00e1tolt Felel\u0151ss\u00e9g\u0171 T\u00e1rsas\u00e1g (EMC PLUSZ Kft.)<\/li>\n\n\n\n<li><strong>C\u00e9gjegyz\u00e9ksz\u00e1m:<\/strong> 13-09-134724<\/li>\n\n\n\n<li><strong>Ad\u00f3sz\u00e1m:<\/strong> 11746146-2-13<\/li>\n\n\n\n<li><strong>K\u00e9pvisel\u0151 \/ Kapcsolattart\u00f3:<\/strong> Ferenczi Zolt\u00e1n<\/li>\n\n\n\n<li><strong>Telefonsz\u00e1m:<\/strong> +36 70 330 8799<\/li>\n\n\n\n<li><strong>E-mail c\u00edm:<\/strong> emcplusz@gmail.com<\/li>\n<\/ul>\n\n\n\n<h3 class=\"wp-block-heading\">2. Milyen szem\u00e9lyes adatokat gy\u0171jt\u00fcnk \u00e9s milyen c\u00e9llal?<\/h3>\n\n\n\n<h4 class=\"wp-block-heading\">2.1 Kapcsolatfelv\u00e9tel \u00e9s aj\u00e1nlatk\u00e9r\u0151 \u0171rlap<\/h4>\n\n\n\n<p class=\"wp-block-paragraph\">Amennyiben \u00d6n az oldalon tal\u00e1lhat\u00f3 \u0171rlapon kereszt\u00fcl veszi fel vel\u00fcnk a kapcsolatot, a megadott nev\u00e9t, e-mail c\u00edm\u00e9t, telefonsz\u00e1m\u00e1t \u00e9s \u00fczenet\u00e9nek tartalm\u00e1t a megkeres\u00e9s megv\u00e1laszol\u00e1sa, kapcsolatfelv\u00e9tel \u00e9s \u00e1raj\u00e1nlatad\u00e1s c\u00e9lj\u00e1b\u00f3l kezelj\u00fck.<\/p>\n\n\n\n<h4 class=\"wp-block-heading\">2.2 Hozz\u00e1sz\u00f3l\u00e1sok<\/h4>\n\n\n\n<p class=\"wp-block-paragraph\">Hozz\u00e1sz\u00f3l\u00e1s bek\u00fcld\u00e9sekor a hozz\u00e1sz\u00f3l\u00e1si \u0171rlapban megadottakon k\u00edv\u00fcl begy\u0171jt\u00e9sre ker\u00fcl a hozz\u00e1sz\u00f3l\u00f3 IP-c\u00edme \u00e9s a b\u00f6ng\u00e9sz\u0151azonos\u00edt\u00f3 karakterl\u00e1nc a k\u00e9retlen tartalmak (spam) kisz\u0171r\u00e9se c\u00e9lj\u00e1b\u00f3l.<sup><\/sup><sup><\/sup><\/p>\n\n\n\n<p class=\"wp-block-paragraph\">Egy szem\u00e9lytelen\u00edtett, az e-mail c\u00edmb\u0151l el\u0151\u00e1ll\u00edtott karakterl\u00e1nc (hash) ker\u00fcl tov\u00e1bb\u00edt\u00e1sra a Gravatar szolg\u00e1ltat\u00e1s fel\u00e9, ha ez az oldalon haszn\u00e1latban van. A G<sup><\/sup>ravatar szolg\u00e1<sup><\/sup>ltat\u00e1s felt\u00e9telei az al\u00e1bbi c\u00edmen tekinthet\u0151ek meg: <a target=\"_blank\" rel=\"noreferrer noopener\" href=\"https:\/\/automattic.com\/privacy\/\">https:\/\/automattic.com\/privacy\/<\/a>. A hozz\u00e1sz\u00f3l\u00e1s elfogad\u00e1sa ut\u00e1n a hozz\u00e1sz\u00f3l\u00e1s tartalma \u00e9s a profilk\u00e9p nyilv\u00e1nosan megjelenik.<\/p>\n\n\n\n<h4 class=\"wp-block-heading\">2.3 M\u00e9dia<\/h4>\n\n\n\n<p class=\"wp-block-paragraph\">Amennyiben regisztr\u00e1lt felhaszn\u00e1l\u00f3k\u00e9nt k\u00e9pet t\u00f6lt fel a honlapra, ker\u00fclni kell az olyan EXIF-f\u00e1jlokat, amelyekben GPS-poz\u00edci\u00f3adatok is szerepelnek. A honlap l\u00e1togat\u00f3i ezeket let\u00f6lthetik, \u00e9s kinyerhetik a helyadatokat a honlapon tal\u00e1lhat\u00f3 k\u00e9pekb\u0151l.<\/p>\n\n\n\n<h3 class=\"wp-block-heading\">3. S\u00fctik (Cookie-k)<\/h3>\n\n\n\n<ul class=\"wp-block-list\">\n<li><strong>Hozz\u00e1sz\u00f3l\u00e1sok s\u00fctijei:<\/strong> Ha hozz\u00e1sz\u00f3l\u00e1st \u00edr a honlapon, a megadott nevet, e-mail- \u00e9s honlapc\u00edmet s\u00fctikben elt\u00e1roljuk. A t\u00e1rol\u00e1s k\u00e9nyelmi c\u00e9lokat szolg\u00e1l, hogy a k\u00f6vetkez\u0151 hozz\u00e1sz\u00f3l\u00e1skor ezeket a mez\u0151ket ne kelljen \u00fajra kit\u00f6lteni. A s\u00fctik lej\u00e1rati ideje <strong>1 \u00e9v<\/strong>.<\/li>\n\n\n\n<li><strong>Bejelentkez\u00e9si \u00e9s munkamenet s\u00fctik:<\/strong> Ha ell\u00e1togat a bejelentkez\u00e9si oldalra, \u00e1tmeneti s\u00fctiket \u00e1ll\u00edtunk be annak \u00e9rdek\u00e9ben, hogy meg\u00e1llap\u00edtsuk, a b\u00f6ng\u00e9sz\u0151 elfogadja-e a s\u00fctiket. Ezek a s\u00fctik nem tartalmaznak szem\u00e9lyes inform\u00e1ci\u00f3t, \u00e9s t\u00f6rl\u0151dnek a b\u00f6ng\u00e9sz\u0151 bez\u00e1r\u00e1sakor. Bejelentkez\u00e9skor t\u00f6bb s\u00fctit hozunk l\u00e9tre, amelyek elmentik a bejelentkez\u00e9si inform\u00e1ci\u00f3kat \u00e9s a szerkeszt\u0151fel\u00fclet megjelen\u00edt\u00e9si opci\u00f3it. A bejelentkez\u00e9si s\u00fctik <strong>2 napig<\/strong>, a k\u00e9perny\u0151opci\u00f3kat t\u00e1rol\u00f3 s\u00fcti <strong>1 \u00e9vig<\/strong> \u00e9rv\u00e9nyes. Az \u201eEml\u00e9kezz r\u00e1m\u201d opci\u00f3 bejel\u00f6l\u00e9s\u00e9vel a bejelentkez\u00e9s <strong>2 h\u00e9tig<\/strong> marad akt\u00edv. Kijelentkez\u00e9skor a bejelentkez\u00e9si s\u00fctik elt\u00e1vol\u00edt\u00e1sra ker\u00fclnek.<\/li>\n\n\n\n<li><strong>Szerkeszt\u00e9si s\u00fctik:<\/strong> Bejegyz\u00e9s vagy oldal szerkeszt\u00e9sekor egy \u00fajabb s\u00fctit t\u00e1rol el a b\u00f6ng\u00e9sz\u0151. Ez a s\u00fcti nem tartalmaz szem\u00e9lyes adatot, csup\u00e1n a szerkesztett bejegyz\u00e9s azonos\u00edt\u00f3 sz\u00e1m\u00e1t t\u00e1rolja. \u00c9rv\u00e9nyess\u00e9ge <strong>1 nap<\/strong> m\u00falva lej\u00e1r.<\/li>\n<\/ul>\n\n\n\n<h3 class=\"wp-block-heading\">4. M\u00e1s honlapokr\u00f3l sz\u00e1rmaz\u00f3 be\u00e1gyazott tartalmak<\/h3>\n\n\n\n<p class=\"wp-block-paragraph\">A honlapon el\u00e9rhet\u0151 bejegyz\u00e9sek k\u00fcls\u0151 forr\u00e1sb\u00f3l sz\u00e1rmaz\u00f3 be\u00e1gyazott tartalmakat (pl. vide\u00f3k, k\u00e9pek, t\u00e9rk\u00e9pek, cikkek) haszn\u00e1lhatnak. A k\u00fcls\u0151 forr\u00e1sb\u00f3l sz\u00e1rmaz\u00f3 be\u00e1gyazott tartalmak pontosan \u00fagy viselkednek, mintha a l\u00e1togat\u00f3 k\u00f6zvetlen\u00fcl a m\u00e1sik honlapot l\u00e1togatta volna meg.<\/p>\n\n\n\n<p class=\"wp-block-paragraph\">Ezek a webhelyek adatot gy\u0171jthetnek a l\u00e1togat\u00f3kr\u00f3l, s\u00fctiket vagy harmadik f\u00e9lt\u0151l sz\u00e1rmaz\u00f3 k\u00f6vet\u0151k\u00f3dot haszn\u00e1lhatnak, \u00e9s figyelhetik a be\u00e1gyazott tartalommal kapcsolatos felhaszn\u00e1l\u00f3i viselked\u00e9st.<\/p>\n\n\n\n<h3 class=\"wp-block-heading\">5. Kivel osztjuk meg a felhaszn\u00e1l\u00f3i adatokat?<\/h3>\n\n\n\n<ul class=\"wp-block-list\">\n<li><strong>Jelsz\u00f3 vissza\u00e1ll\u00edt\u00e1sa:<\/strong> Ha jelsz\u00f3-vissza\u00e1ll\u00edt\u00e1st k\u00e9r, a vissza\u00e1ll\u00edt\u00f3 e-mail tartalmazni fogja az \u00d6n IP-c\u00edm\u00e9t.<\/li>\n\n\n\n<li><strong>Spamsz\u0171r\u00e9s:<\/strong> A l\u00e1togat\u00f3k \u00e1ltal bek\u00fcld\u00f6tt hozz\u00e1sz\u00f3l\u00e1sokat \u00e9s \u0171rlapbemeneteket automatikus spamsz\u0171r\u0151 szolg\u00e1ltat\u00e1s ellen\u0151rizheti.<\/li>\n\n\n\n<li><strong>Adatfeldolgoz\u00f3k:<\/strong> A c\u00e9g az adatokat harmadik f\u00e9lnek nem adja el. Kiz\u00e1r\u00f3lag a weboldal m\u0171k\u00f6dtet\u00e9s\u00e9hez sz\u00fcks\u00e9ges technikai adatfeldolgoz\u00f3kat (pl. t\u00e1rhelyszolg\u00e1ltat\u00f3) vesz ig\u00e9nybe.<\/li>\n<\/ul>\n\n\n\n<h3 class=\"wp-block-heading\">6. Mennyi ideig \u0151rizz\u00fck a szem\u00e9lyes adatokat?<\/h3>\n\n\n\n<ul class=\"wp-block-list\">\n<li><strong>Hozz\u00e1sz\u00f3l\u00e1sok:<\/strong> Ha hozz\u00e1sz\u00f3l, a hozz\u00e1sz\u00f3l\u00e1s \u00e9s annak metaadatai nem meghat\u00e1rozhat\u00f3 ideig a rendszerben maradnak a k\u00e9s\u0151bbi hozz\u00e1sz\u00f3l\u00e1sok automatikus j\u00f3v\u00e1hagy\u00e1sa c\u00e9lj\u00e1b\u00f3l.<\/li>\n\n\n\n<li><strong>Regisztr\u00e1lt felhaszn\u00e1l\u00f3k:<\/strong> A honlapon regisztr\u00e1lt felhaszn\u00e1l\u00f3k szem\u00e9lyes adatai a saj\u00e1t felhaszn\u00e1l\u00f3i profiljukban is t\u00e1rol\u00e1sra ker\u00fclnek. Minden felhaszn\u00e1l\u00f3 b\u00e1rmikor megtekintheti, szerkesztheti vagy t\u00f6r\u00f6lheti szem\u00e9lyes adatait (kiv\u00e9ve a saj\u00e1t felhaszn\u00e1l\u00f3nev\u00e9t). A honlap rendszergazd\u00e1i ezen inform\u00e1ci\u00f3kat szint\u00e9n megtekinthetik \u00e9s szerkeszthetik.<\/li>\n\n\n\n<li><strong>Kapcsolati adatok:<\/strong> Az aj\u00e1nlatk\u00e9r\u00e9s sor\u00e1n megadott adatokat az aj\u00e1nlatad\u00e1si \u00e9s \u00fczleti kapcsolat lez\u00e1rult\u00e1ig \u0151rizz\u00fck meg.<\/li>\n<\/ul>\n\n\n\n<h3 class=\"wp-block-heading\">7. Milyen jogokkal rendelkezik a felhaszn\u00e1l\u00f3 a saj\u00e1t adatai kapcs\u00e1n?<\/h3>\n\n\n\n<p class=\"wp-block-paragraph\">A weboldalon regisztr\u00e1lt fi\u00f3k vagy hozz\u00e1sz\u00f3l\u00e1s\/kapcsolatfelv\u00e9tel eset\u00e9n \u00d6n k\u00e9rheti a szem\u00e9lyes adatai export f\u00e1jlban t\u00f6rt\u00e9n\u0151 megk\u00fcld\u00e9s\u00e9t, amely tartalmaz minden olyan adatot, amelyet kor\u00e1bban a rendelkez\u00e9s\u00fcnkre bocs\u00e1tott.<\/p>\n\n\n\n<p class=\"wp-block-paragraph\">K\u00e9rheti tov\u00e1bb\u00e1, hogy b\u00e1rmilyen kor\u00e1bban megadott szem\u00e9lyes adat\u00e1t t\u00f6r\u00f6lj\u00fck. Ez nem vonatkozik azokra az adatokra, amelyeket adminisztr\u00e1ci\u00f3s, jogi vagy biztons\u00e1gi okokb\u00f3l k\u00f6telez\u0151 meg\u0151rizn\u00fcnk.<\/p>\n\n\n\n<p class=\"wp-block-paragraph\">Jogai \u00e9rv\u00e9nyes\u00edt\u00e9s\u00e9hez, k\u00e9relm\u00e9vel forduljon hozz\u00e1nk bizalommal:<\/p>\n\n\n\n<p class=\"wp-block-paragraph\"><strong>E-mail:<\/strong> emcplusz@gmail.com<\/p>\n\n\n\n<p class=\"wp-block-paragraph\"><strong>Adatkezel\u0151:<\/strong> EMC PLUSZ Kft. (k\u00e9pvisel\u0151: Ferenczi Zolt\u00e1n)<\/p>\n\n\n\n<p class=\"wp-block-paragraph\"><strong>Telefon:<\/strong> +36 70 330 8799<\/p>\n\n\n\n<p class=\"wp-block-paragraph\"><\/p>","protected":false},"excerpt":{"rendered":"<p>1. Az Adatkezel\u0151 adatai A www.emc-plusz.hu weboldalt az al\u00e1bbi c\u00e9g \u00fczemelteti \u00e9s kezeli az adatokat: 2. Milyen szem\u00e9lyes adatokat gy\u0171jt\u00fcnk [&hellip;]<\/p>\n","protected":false},"author":1,"featured_media":0,"parent":0,"menu_order":0,"comment_status":"closed","ping_status":"open","template":"","meta":{"_monsterinsights_skip_tracking":false,"site-sidebar-layout":"default","site-content-layout":"","ast-site-content-layout":"default","site-content-style":"default","site-sidebar-style":"default","ast-global-header-display":"","ast-banner-title-visibility":"","ast-main-header-display":"","ast-hfb-above-header-display":"","ast-hfb-below-header-display":"","ast-hfb-mobile-header-display":"","site-post-title":"","ast-breadcrumbs-content":"","ast-featured-img":"","footer-sml-layout":"","ast-disable-related-posts":"","theme-transparent-header-meta":"","adv-header-id-meta":"","stick-header-meta":"","header-above-stick-meta":"","header-main-stick-meta":"","header-below-stick-meta":"","astra-migrate-meta-layouts":"default","ast-page-background-enabled":"default","ast-page-background-meta":{"desktop":{"background-color":"var(--ast-global-color-5)","background-image":"","background-repeat":"repeat","background-position":"center center","background-size":"auto","background-attachment":"scroll","background-type":"","background-media":"","overlay-type":"","overlay-color":"","overlay-opacity":"","overlay-gradient":""},"tablet":{"background-color":"","background-image":"","background-repeat":"repeat","background-position":"center center","background-size":"auto","background-attachment":"scroll","background-type":"","background-media":"","overlay-type":"","overlay-color":"","overlay-opacity":"","overlay-gradient":""},"mobile":{"background-color":"","background-image":"","background-repeat":"repeat","background-position":"center center","background-size":"auto","background-attachment":"scroll","background-type":"","background-media":"","overlay-type":"","overlay-color":"","overlay-opacity":"","overlay-gradient":""}},"ast-content-background-meta":{"desktop":{"background-color":"var(--ast-global-color-4)","background-image":"","background-repeat":"repeat","background-position":"center center","background-size":"auto","background-attachment":"scroll","background-type":"","background-media":"","overlay-type":"","overlay-color":"","overlay-opacity":"","overlay-gradient":""},"tablet":{"background-color":"var(--ast-global-color-4)","background-image":"","background-repeat":"repeat","background-position":"center center","background-size":"auto","background-attachment":"scroll","background-type":"","background-media":"","overlay-type":"","overlay-color":"","overlay-opacity":"","overlay-gradient":""},"mobile":{"background-color":"var(--ast-global-color-4)","background-image":"","background-repeat":"repeat","background-position":"center center","background-size":"auto","background-attachment":"scroll","background-type":"","background-media":"","overlay-type":"","overlay-color":"","overlay-opacity":"","overlay-gradient":""}},"footnotes":""},"class_list":["post-3","page","type-page","status-publish","hentry"],"aioseo_notices":[],"aioseo_head":"\n\t\t<!-- All in One SEO 5.0.1.1 - aioseo.com -->\n\t<meta name=\"description\" content=\"1. Az Adatkezel\u0151 adatai A www.emc-plusz.hu weboldalt az al\u00e1bbi c\u00e9g \u00fczemelteti \u00e9s kezeli az adatokat: Hivatalos c\u00e9gn\u00e9v: EMC PLUSZ M\u0171szaki, Kereskedelmi Szolg\u00e1ltat\u00f3 Korl\u00e1tolt Felel\u0151ss\u00e9g\u0171 T\u00e1rsas\u00e1g (EMC PLUSZ Kft.) C\u00e9gjegyz\u00e9ksz\u00e1m: 13-09-134724 Ad\u00f3sz\u00e1m: 11746146-2-13 K\u00e9pvisel\u0151 \/ Kapcsolattart\u00f3: Ferenczi Zolt\u00e1n Telefonsz\u00e1m: +36 70 330 8799 E-mail c\u00edm: emcplusz@gmail.com 2. Milyen szem\u00e9lyes adatokat gy\u0171jt\u00fcnk \u00e9s milyen c\u00e9llal? 2.1 Kapcsolatfelv\u00e9tel\" \/>\n\t<meta name=\"robots\" content=\"max-image-preview:large\" \/>\n\t<link rel=\"canonical\" href=\"https:\/\/emc-plusz.hu\/en\/adatkezelesi-tajekoztato\/\" \/>\n\t<meta name=\"generator\" content=\"All in One SEO (AIOSEO) 5.0.1.1\" \/>\n\t\t<meta property=\"og:locale\" content=\"en_GB\" \/>\n\t\t<meta property=\"og:site_name\" content=\"-\" \/>\n\t\t<meta property=\"og:type\" content=\"article\" \/>\n\t\t<meta property=\"og:title\" content=\"Adatkezel\u00e9si t\u00e1j\u00e9koztat\u00f3 -\" \/>\n\t\t<meta property=\"og:description\" content=\"1. Az Adatkezel\u0151 adatai A www.emc-plusz.hu weboldalt az al\u00e1bbi c\u00e9g \u00fczemelteti \u00e9s kezeli az adatokat: Hivatalos c\u00e9gn\u00e9v: EMC PLUSZ M\u0171szaki, Kereskedelmi Szolg\u00e1ltat\u00f3 Korl\u00e1tolt Felel\u0151ss\u00e9g\u0171 T\u00e1rsas\u00e1g (EMC PLUSZ Kft.) C\u00e9gjegyz\u00e9ksz\u00e1m: 13-09-134724 Ad\u00f3sz\u00e1m: 11746146-2-13 K\u00e9pvisel\u0151 \/ Kapcsolattart\u00f3: Ferenczi Zolt\u00e1n Telefonsz\u00e1m: +36 70 330 8799 E-mail c\u00edm: emcplusz@gmail.com 2. Milyen szem\u00e9lyes adatokat gy\u0171jt\u00fcnk \u00e9s milyen c\u00e9llal? 2.1 Kapcsolatfelv\u00e9tel\" \/>\n\t\t<meta property=\"og:url\" content=\"https:\/\/emc-plusz.hu\/en\/adatkezelesi-tajekoztato\/\" \/>\n\t\t<meta property=\"og:image\" content=\"https:\/\/emc-plusz.hu\/wp-content\/uploads\/2026\/07\/cropped-emcplusz.jpg\" \/>\n\t\t<meta property=\"og:image:secure_url\" content=\"https:\/\/emc-plusz.hu\/wp-content\/uploads\/2026\/07\/cropped-emcplusz.jpg\" \/>\n\t\t<meta property=\"article:published_time\" content=\"2026-07-15T07:33:20+00:00\" \/>\n\t\t<meta property=\"article:modified_time\" content=\"2026-07-22T21:25:00+00:00\" \/>\n\t\t<meta name=\"twitter:card\" content=\"summary_large_image\" \/>\n\t\t<meta name=\"twitter:title\" content=\"Adatkezel\u00e9si t\u00e1j\u00e9koztat\u00f3 -\" \/>\n\t\t<meta name=\"twitter:description\" content=\"1. Az Adatkezel\u0151 adatai A www.emc-plusz.hu weboldalt az al\u00e1bbi c\u00e9g \u00fczemelteti \u00e9s kezeli az adatokat: Hivatalos c\u00e9gn\u00e9v: EMC PLUSZ M\u0171szaki, Kereskedelmi Szolg\u00e1ltat\u00f3 Korl\u00e1tolt Felel\u0151ss\u00e9g\u0171 T\u00e1rsas\u00e1g (EMC PLUSZ Kft.) C\u00e9gjegyz\u00e9ksz\u00e1m: 13-09-134724 Ad\u00f3sz\u00e1m: 11746146-2-13 K\u00e9pvisel\u0151 \/ Kapcsolattart\u00f3: Ferenczi Zolt\u00e1n Telefonsz\u00e1m: +36 70 330 8799 E-mail c\u00edm: emcplusz@gmail.com 2. Milyen szem\u00e9lyes adatokat gy\u0171jt\u00fcnk \u00e9s milyen c\u00e9llal? 2.1 Kapcsolatfelv\u00e9tel\" \/>\n\t\t<meta name=\"twitter:image\" content=\"https:\/\/emc-plusz.hu\/wp-content\/uploads\/2026\/07\/cropped-emcplusz.jpg\" \/>\n\t\t<script type=\"application\/ld+json\" class=\"aioseo-schema\">\n\t\t\t{\"@context\":\"https:\\\/\\\/schema.org\",\"@graph\":[{\"@type\":\"BreadcrumbList\",\"@id\":\"https:\\\/\\\/emc-plusz.hu\\\/en\\\/adatkezelesi-tajekoztato\\\/#breadcrumblist\",\"itemListElement\":[{\"@type\":\"ListItem\",\"@id\":\"https:\\\/\\\/emc-plusz.hu\\\/en#listItem\",\"position\":1,\"name\":\"Home\",\"item\":\"https:\\\/\\\/emc-plusz.hu\\\/en\",\"nextItem\":{\"@type\":\"ListItem\",\"@id\":\"https:\\\/\\\/emc-plusz.hu\\\/en\\\/adatkezelesi-tajekoztato\\\/#listItem\",\"name\":\"Adatkezel\\u00e9si t\\u00e1j\\u00e9koztat\\u00f3\"}},{\"@type\":\"ListItem\",\"@id\":\"https:\\\/\\\/emc-plusz.hu\\\/en\\\/adatkezelesi-tajekoztato\\\/#listItem\",\"position\":2,\"name\":\"Adatkezel\\u00e9si t\\u00e1j\\u00e9koztat\\u00f3\",\"previousItem\":{\"@type\":\"ListItem\",\"@id\":\"https:\\\/\\\/emc-plusz.hu\\\/en#listItem\",\"name\":\"Home\"}}]},{\"@type\":\"Organization\",\"@id\":\"https:\\\/\\\/emc-plusz.hu\\\/en\\\/#organization\",\"url\":\"https:\\\/\\\/emc-plusz.hu\\\/en\\\/\",\"logo\":{\"@type\":\"ImageObject\",\"url\":\"https:\\\/\\\/emc-plusz.hu\\\/wp-content\\\/uploads\\\/2026\\\/07\\\/cropped-emcplusz.jpg\",\"@id\":\"https:\\\/\\\/emc-plusz.hu\\\/en\\\/adatkezelesi-tajekoztato\\\/#organizationLogo\",\"width\":1553,\"height\":621},\"image\":{\"@id\":\"https:\\\/\\\/emc-plusz.hu\\\/en\\\/adatkezelesi-tajekoztato\\\/#organizationLogo\"}},{\"@type\":\"WebPage\",\"@id\":\"https:\\\/\\\/emc-plusz.hu\\\/en\\\/adatkezelesi-tajekoztato\\\/#webpage\",\"url\":\"https:\\\/\\\/emc-plusz.hu\\\/en\\\/adatkezelesi-tajekoztato\\\/\",\"name\":\"Adatkezel\\u00e9si t\\u00e1j\\u00e9koztat\\u00f3 -\",\"description\":\"1. Az Adatkezel\\u0151 adatai A www.emc-plusz.hu weboldalt az al\\u00e1bbi c\\u00e9g \\u00fczemelteti \\u00e9s kezeli az adatokat: Hivatalos c\\u00e9gn\\u00e9v: EMC PLUSZ M\\u0171szaki, Kereskedelmi Szolg\\u00e1ltat\\u00f3 Korl\\u00e1tolt Felel\\u0151ss\\u00e9g\\u0171 T\\u00e1rsas\\u00e1g (EMC PLUSZ Kft.) C\\u00e9gjegyz\\u00e9ksz\\u00e1m: 13-09-134724 Ad\\u00f3sz\\u00e1m: 11746146-2-13 K\\u00e9pvisel\\u0151 \\\/ Kapcsolattart\\u00f3: Ferenczi Zolt\\u00e1n Telefonsz\\u00e1m: +36 70 330 8799 E-mail c\\u00edm: emcplusz@gmail.com 2. Milyen szem\\u00e9lyes adatokat gy\\u0171jt\\u00fcnk \\u00e9s milyen c\\u00e9llal? 2.1 Kapcsolatfelv\\u00e9tel\",\"inLanguage\":\"en-GB\",\"isPartOf\":{\"@id\":\"https:\\\/\\\/emc-plusz.hu\\\/en\\\/#website\"},\"breadcrumb\":{\"@id\":\"https:\\\/\\\/emc-plusz.hu\\\/en\\\/adatkezelesi-tajekoztato\\\/#breadcrumblist\"},\"datePublished\":\"2026-07-15T09:33:20+02:00\",\"dateModified\":\"2026-07-22T23:25:00+02:00\"},{\"@type\":\"WebSite\",\"@id\":\"https:\\\/\\\/emc-plusz.hu\\\/en\\\/#website\",\"url\":\"https:\\\/\\\/emc-plusz.hu\\\/en\\\/\",\"inLanguage\":\"en-GB\",\"publisher\":{\"@id\":\"https:\\\/\\\/emc-plusz.hu\\\/en\\\/#organization\"}}]}\n\t\t<\/script>\n\t\t<!-- All in One SEO -->\n\n","aioseo_head_json":{"title":"Adatkezel\u00e9si t\u00e1j\u00e9koztat\u00f3 -","description":"1. Az Adatkezel\u0151 adatai A www.emc-plusz.hu weboldalt az al\u00e1bbi c\u00e9g \u00fczemelteti \u00e9s kezeli az adatokat: Hivatalos c\u00e9gn\u00e9v: EMC PLUSZ M\u0171szaki, Kereskedelmi Szolg\u00e1ltat\u00f3 Korl\u00e1tolt Felel\u0151ss\u00e9g\u0171 T\u00e1rsas\u00e1g (EMC PLUSZ Kft.) C\u00e9gjegyz\u00e9ksz\u00e1m: 13-09-134724 Ad\u00f3sz\u00e1m: 11746146-2-13 K\u00e9pvisel\u0151 \/ Kapcsolattart\u00f3: Ferenczi Zolt\u00e1n Telefonsz\u00e1m: +36 70 330 8799 E-mail c\u00edm: emcplusz@gmail.com 2. Milyen szem\u00e9lyes adatokat gy\u0171jt\u00fcnk \u00e9s milyen c\u00e9llal? 2.1 Kapcsolatfelv\u00e9tel","canonical_url":"https:\/\/emc-plusz.hu\/en\/adatkezelesi-tajekoztato\/","robots":"max-image-preview:large","keywords":"","webmasterTools":{"miscellaneous":""},"schema":{"@context":"https:\/\/schema.org","@graph":[{"@type":"BreadcrumbList","@id":"https:\/\/emc-plusz.hu\/en\/adatkezelesi-tajekoztato\/#breadcrumblist","itemListElement":[{"@type":"ListItem","@id":"https:\/\/emc-plusz.hu\/en#listItem","position":1,"name":"Home","item":"https:\/\/emc-plusz.hu\/en","nextItem":{"@type":"ListItem","@id":"https:\/\/emc-plusz.hu\/en\/adatkezelesi-tajekoztato\/#listItem","name":"Adatkezel\u00e9si t\u00e1j\u00e9koztat\u00f3"}},{"@type":"ListItem","@id":"https:\/\/emc-plusz.hu\/en\/adatkezelesi-tajekoztato\/#listItem","position":2,"name":"Adatkezel\u00e9si t\u00e1j\u00e9koztat\u00f3","previousItem":{"@type":"ListItem","@id":"https:\/\/emc-plusz.hu\/en#listItem","name":"Home"}}]},{"@type":"Organization","@id":"https:\/\/emc-plusz.hu\/en\/#organization","url":"https:\/\/emc-plusz.hu\/en\/","logo":{"@type":"ImageObject","url":"https:\/\/emc-plusz.hu\/wp-content\/uploads\/2026\/07\/cropped-emcplusz.jpg","@id":"https:\/\/emc-plusz.hu\/en\/adatkezelesi-tajekoztato\/#organizationLogo","width":1553,"height":621},"image":{"@id":"https:\/\/emc-plusz.hu\/en\/adatkezelesi-tajekoztato\/#organizationLogo"}},{"@type":"WebPage","@id":"https:\/\/emc-plusz.hu\/en\/adatkezelesi-tajekoztato\/#webpage","url":"https:\/\/emc-plusz.hu\/en\/adatkezelesi-tajekoztato\/","name":"Adatkezel\u00e9si t\u00e1j\u00e9koztat\u00f3 -","description":"1. Az Adatkezel\u0151 adatai A www.emc-plusz.hu weboldalt az al\u00e1bbi c\u00e9g \u00fczemelteti \u00e9s kezeli az adatokat: Hivatalos c\u00e9gn\u00e9v: EMC PLUSZ M\u0171szaki, Kereskedelmi Szolg\u00e1ltat\u00f3 Korl\u00e1tolt Felel\u0151ss\u00e9g\u0171 T\u00e1rsas\u00e1g (EMC PLUSZ Kft.) C\u00e9gjegyz\u00e9ksz\u00e1m: 13-09-134724 Ad\u00f3sz\u00e1m: 11746146-2-13 K\u00e9pvisel\u0151 \/ Kapcsolattart\u00f3: Ferenczi Zolt\u00e1n Telefonsz\u00e1m: +36 70 330 8799 E-mail c\u00edm: emcplusz@gmail.com 2. Milyen szem\u00e9lyes adatokat gy\u0171jt\u00fcnk \u00e9s milyen c\u00e9llal? 2.1 Kapcsolatfelv\u00e9tel","inLanguage":"en-GB","isPartOf":{"@id":"https:\/\/emc-plusz.hu\/en\/#website"},"breadcrumb":{"@id":"https:\/\/emc-plusz.hu\/en\/adatkezelesi-tajekoztato\/#breadcrumblist"},"datePublished":"2026-07-15T09:33:20+02:00","dateModified":"2026-07-22T23:25:00+02:00"},{"@type":"WebSite","@id":"https:\/\/emc-plusz.hu\/en\/#website","url":"https:\/\/emc-plusz.hu\/en\/","inLanguage":"en-GB","publisher":{"@id":"https:\/\/emc-plusz.hu\/en\/#organization"}}]},"og:locale":"en_GB","og:site_name":"-","og:type":"article","og:title":"Adatkezel\u00e9si t\u00e1j\u00e9koztat\u00f3 -","og:description":"1. Az Adatkezel\u0151 adatai A www.emc-plusz.hu weboldalt az al\u00e1bbi c\u00e9g \u00fczemelteti \u00e9s kezeli az adatokat: Hivatalos c\u00e9gn\u00e9v: EMC PLUSZ M\u0171szaki, Kereskedelmi Szolg\u00e1ltat\u00f3 Korl\u00e1tolt Felel\u0151ss\u00e9g\u0171 T\u00e1rsas\u00e1g (EMC PLUSZ Kft.) C\u00e9gjegyz\u00e9ksz\u00e1m: 13-09-134724 Ad\u00f3sz\u00e1m: 11746146-2-13 K\u00e9pvisel\u0151 \/ Kapcsolattart\u00f3: Ferenczi Zolt\u00e1n Telefonsz\u00e1m: +36 70 330 8799 E-mail c\u00edm: emcplusz@gmail.com 2. Milyen szem\u00e9lyes adatokat gy\u0171jt\u00fcnk \u00e9s milyen c\u00e9llal? 2.1 Kapcsolatfelv\u00e9tel","og:url":"https:\/\/emc-plusz.hu\/en\/adatkezelesi-tajekoztato\/","og:image":"https:\/\/emc-plusz.hu\/wp-content\/uploads\/2026\/07\/cropped-emcplusz.jpg","og:image:secure_url":"https:\/\/emc-plusz.hu\/wp-content\/uploads\/2026\/07\/cropped-emcplusz.jpg","article:published_time":"2026-07-15T07:33:20+00:00","article:modified_time":"2026-07-22T21:25:00+00:00","twitter:card":"summary_large_image","twitter:title":"Adatkezel\u00e9si t\u00e1j\u00e9koztat\u00f3 -","twitter:description":"1. Az Adatkezel\u0151 adatai A www.emc-plusz.hu weboldalt az al\u00e1bbi c\u00e9g \u00fczemelteti \u00e9s kezeli az adatokat: Hivatalos c\u00e9gn\u00e9v: EMC PLUSZ M\u0171szaki, Kereskedelmi Szolg\u00e1ltat\u00f3 Korl\u00e1tolt Felel\u0151ss\u00e9g\u0171 T\u00e1rsas\u00e1g (EMC PLUSZ Kft.) C\u00e9gjegyz\u00e9ksz\u00e1m: 13-09-134724 Ad\u00f3sz\u00e1m: 11746146-2-13 K\u00e9pvisel\u0151 \/ Kapcsolattart\u00f3: Ferenczi Zolt\u00e1n Telefonsz\u00e1m: +36 70 330 8799 E-mail c\u00edm: emcplusz@gmail.com 2. Milyen szem\u00e9lyes adatokat gy\u0171jt\u00fcnk \u00e9s milyen c\u00e9llal? 2.1 Kapcsolatfelv\u00e9tel","twitter:image":"https:\/\/emc-plusz.hu\/wp-content\/uploads\/2026\/07\/cropped-emcplusz.jpg"},"aioseo_meta_data":{"post_id":"3","title":null,"description":null,"keywords":null,"keyphrases":{"focus":[],"additional":[]},"primary_term":null,"canonical_url":null,"og_title":null,"og_description":null,"og_object_type":"default","og_image_type":"default","og_image_custom_url":null,"og_image_custom_fields":null,"og_image_url":null,"og_image_width":null,"og_image_height":null,"og_video":"","og_custom_url":null,"og_article_section":null,"og_article_tags":null,"twitter_use_og":false,"twitter_card":"default","twitter_image_type":"default","twitter_image_custom_url":null,"twitter_image_custom_fields":null,"twitter_image_url":null,"twitter_title":null,"twitter_description":null,"schema_type":"default","schema_type_options":null,"schema":{"blockGraphs":[],"customGraphs":[],"default":{"data":{"Article":[],"Course":[],"Dataset":[],"FAQPage":[],"Movie":[],"Person":[],"Product":[],"ProductReview":[],"Car":[],"Recipe":[],"Service":[],"SoftwareApplication":[],"WebPage":[]},"graphName":"WebPage","isEnabled":true},"graphs":[]},"pillar_content":false,"robots_default":true,"robots_noindex":false,"robots_noarchive":false,"robots_nosnippet":false,"robots_nofollow":false,"robots_noimageindex":false,"robots_noodp":false,"robots_notranslate":false,"robots_max_snippet":"-1","robots_max_videopreview":"-1","robots_max_imagepreview":"large","priority":null,"frequency":"default","local_seo":null,"limit_modified_date":false,"ai":{"faqs":[],"keyPoints":[],"schemas":[],"titles":[],"descriptions":[],"socialPosts":{"email":{"subject":"","preview":"","content":""},"linkedin":[],"twitter":[],"facebook":[],"instagram":[]}},"breadcrumb_settings":null,"seo_analyzer_scan_date":null,"created":"2026-07-22 21:24:05","updated":"2026-08-07 20:39:42","focus_keyword":null,"additional_keywords":null,"truseo_locale":null},"aioseo_breadcrumb":"<div class=\"aioseo-breadcrumbs\"><span class=\"aioseo-breadcrumb\">\n\t\t\t<a href=\"https:\/\/emc-plusz.hu\/en\" title=\"Home\">Home<\/a>\n\t\t<\/span><span class=\"aioseo-breadcrumb-separator\">&raquo;<\/span><span class=\"aioseo-breadcrumb\">\n\t\t\tAdatkezel\u00e9si t\u00e1j\u00e9koztat\u00f3\n\t\t<\/span><\/div>","aioseo_breadcrumb_json":[{"label":"Home","link":"https:\/\/emc-plusz.hu\/en"},{"label":"Adatkezel\u00e9si t\u00e1j\u00e9koztat\u00f3","link":"https:\/\/emc-plusz.hu\/en\/adatkezelesi-tajekoztato\/"}],"_links":{"self":[{"href":"https:\/\/emc-plusz.hu\/en\/wp-json\/wp\/v2\/pages\/3","targetHints":{"allow":["GET"]}}],"collection":[{"href":"https:\/\/emc-plusz.hu\/en\/wp-json\/wp\/v2\/pages"}],"about":[{"href":"https:\/\/emc-plusz.hu\/en\/wp-json\/wp\/v2\/types\/page"}],"author":[{"embeddable":true,"href":"https:\/\/emc-plusz.hu\/en\/wp-json\/wp\/v2\/users\/1"}],"replies":[{"embeddable":true,"href":"https:\/\/emc-plusz.hu\/en\/wp-json\/wp\/v2\/comments?post=3"}],"version-history":[{"count":2,"href":"https:\/\/emc-plusz.hu\/en\/wp-json\/wp\/v2\/pages\/3\/revisions"}],"predecessor-version":[{"id":90,"href":"https:\/\/emc-plusz.hu\/en\/wp-json\/wp\/v2\/pages\/3\/revisions\/90"}],"wp:attachment":[{"href":"https:\/\/emc-plusz.hu\/en\/wp-json\/wp\/v2\/media?parent=3"}],"curies":[{"name":"wp","href":"https:\/\/api.w.org\/{rel}","templated":true}]}}